{"version":"1.0","provider_name":"BTV","provider_url":"https:\/\/www.btv.md\/ro\/","title":"AMBASADORUL MOLDOVEI \u00ceN AUSTRIA A P\u0102R\u0102SIT PARTIDUL DEMOCRAT - BTV","type":"rich","width":600,"height":338,"html":"<blockquote class=\"wp-embedded-content\" data-secret=\"QnCtFqq6CS\"><a href=\"https:\/\/www.btv.md\/ro\/ambasadorul-moldovei-in-austria-a-parasit-partidul-democrat\/\">AMBASADORUL  MOLDOVEI  \u00ceN  AUSTRIA  A  P\u0102R\u0102SIT  PARTIDUL  DEMOCRAT<\/a><\/blockquote><iframe sandbox=\"allow-scripts\" security=\"restricted\" src=\"https:\/\/www.btv.md\/ro\/ambasadorul-moldovei-in-austria-a-parasit-partidul-democrat\/embed\/#?secret=QnCtFqq6CS\" width=\"600\" height=\"338\" title=\"&#8222;AMBASADORUL  MOLDOVEI  \u00ceN  AUSTRIA  A  P\u0102R\u0102SIT  PARTIDUL  DEMOCRAT&#8221; &#8211; BTV\" data-secret=\"QnCtFqq6CS\" frameborder=\"0\" marginwidth=\"0\" marginheight=\"0\" scrolling=\"no\" class=\"wp-embedded-content\"><\/iframe><script type=\"text\/javascript\">\n\/* <![CDATA[ *\/\n\/*! This file is auto-generated *\/\n!function(d,l){\"use strict\";l.querySelector&&d.addEventListener&&\"undefined\"!=typeof URL&&(d.wp=d.wp||{},d.wp.receiveEmbedMessage||(d.wp.receiveEmbedMessage=function(e){var t=e.data;if((t||t.secret||t.message||t.value)&&!\/[^a-zA-Z0-9]\/.test(t.secret)){for(var s,r,n,a=l.querySelectorAll('iframe[data-secret=\"'+t.secret+'\"]'),o=l.querySelectorAll('blockquote[data-secret=\"'+t.secret+'\"]'),c=new RegExp(\"^https?:$\",\"i\"),i=0;i<o.length;i++)o[i].style.display=\"none\";for(i=0;i<a.length;i++)s=a[i],e.source===s.contentWindow&&(s.removeAttribute(\"style\"),\"height\"===t.message?(1e3<(r=parseInt(t.value,10))?r=1e3:~~r<200&&(r=200),s.height=r):\"link\"===t.message&&(r=new URL(s.getAttribute(\"src\")),n=new URL(t.value),c.test(n.protocol))&&n.host===r.host&&l.activeElement===s&&(d.top.location.href=t.value))}},d.addEventListener(\"message\",d.wp.receiveEmbedMessage,!1),l.addEventListener(\"DOMContentLoaded\",function(){for(var e,t,s=l.querySelectorAll(\"iframe.wp-embedded-content\"),r=0;r<s.length;r++)(t=(e=s[r]).getAttribute(\"data-secret\"))||(t=Math.random().toString(36).substring(2,12),e.src+=\"#?secret=\"+t,e.setAttribute(\"data-secret\",t)),e.contentWindow.postMessage({message:\"ready\",secret:t},\"*\")},!1)))}(window,document);\n\/\/# sourceURL=https:\/\/www.btv.md\/wp-includes\/js\/wp-embed.min.js\n\/* ]]> *\/\n<\/script>\n","thumbnail_url":"https:\/\/www.btv.md\/wp-content\/uploads\/2016\/03\/media_145804591692326500.png","thumbnail_width":620,"thumbnail_height":345,"description":"Ambasadorul Moldovei \u00een Austria, Andrei Popov, a p\u0103r\u0103sit PD, forma\u021biune la care a aderat \u00een anul 2009. Popov \u0219i-a explicat decizia prin faptul c\u0103 \u00een PD numai despre democra\u021bie nu poate fi vorba \u0219i c\u0103 deciziile se iau \u00een alt\u0103 parte dec\u00eet sediul forma\u021biunii. Andrei Popov a spus c\u0103 demisioneaz\u0103 din func\u021bia de Ambasador al [&hellip;]"}