{"version":"1.0","provider_name":"BTV","provider_url":"https:\/\/www.btv.md\/ro\/","title":"B\u0102L\u021aENII L-AU COMEMORAT PE EMINESCU - BTV","type":"rich","width":600,"height":338,"html":"<blockquote class=\"wp-embedded-content\" data-secret=\"IiBOdE6PfN\"><a href=\"https:\/\/www.btv.md\/ro\/baltenii-l-au-comemorat-pe-eminescu\/\">B\u0102L\u021aENII  L-AU  COMEMORAT  PE EMINESCU<\/a><\/blockquote><iframe sandbox=\"allow-scripts\" security=\"restricted\" src=\"https:\/\/www.btv.md\/ro\/baltenii-l-au-comemorat-pe-eminescu\/embed\/#?secret=IiBOdE6PfN\" width=\"600\" height=\"338\" title=\"&#8222;B\u0102L\u021aENII  L-AU  COMEMORAT  PE EMINESCU&#8221; &#8211; BTV\" data-secret=\"IiBOdE6PfN\" frameborder=\"0\" marginwidth=\"0\" marginheight=\"0\" scrolling=\"no\" class=\"wp-embedded-content\"><\/iframe><script type=\"text\/javascript\">\n\/* <![CDATA[ *\/\n\/*! This file is auto-generated *\/\n!function(d,l){\"use strict\";l.querySelector&&d.addEventListener&&\"undefined\"!=typeof URL&&(d.wp=d.wp||{},d.wp.receiveEmbedMessage||(d.wp.receiveEmbedMessage=function(e){var t=e.data;if((t||t.secret||t.message||t.value)&&!\/[^a-zA-Z0-9]\/.test(t.secret)){for(var s,r,n,a=l.querySelectorAll('iframe[data-secret=\"'+t.secret+'\"]'),o=l.querySelectorAll('blockquote[data-secret=\"'+t.secret+'\"]'),c=new RegExp(\"^https?:$\",\"i\"),i=0;i<o.length;i++)o[i].style.display=\"none\";for(i=0;i<a.length;i++)s=a[i],e.source===s.contentWindow&&(s.removeAttribute(\"style\"),\"height\"===t.message?(1e3<(r=parseInt(t.value,10))?r=1e3:~~r<200&&(r=200),s.height=r):\"link\"===t.message&&(r=new URL(s.getAttribute(\"src\")),n=new URL(t.value),c.test(n.protocol))&&n.host===r.host&&l.activeElement===s&&(d.top.location.href=t.value))}},d.addEventListener(\"message\",d.wp.receiveEmbedMessage,!1),l.addEventListener(\"DOMContentLoaded\",function(){for(var e,t,s=l.querySelectorAll(\"iframe.wp-embedded-content\"),r=0;r<s.length;r++)(t=(e=s[r]).getAttribute(\"data-secret\"))||(t=Math.random().toString(36).substring(2,12),e.src+=\"#?secret=\"+t,e.setAttribute(\"data-secret\",t)),e.contentWindow.postMessage({message:\"ready\",secret:t},\"*\")},!1)))}(window,document);\n\/\/# sourceURL=https:\/\/www.btv.md\/wp-includes\/js\/wp-embed.min.js\n\/* ]]> *\/\n<\/script>\n","thumbnail_url":"https:\/\/www.btv.md\/wp-content\/uploads\/2016\/06\/d.jpg","thumbnail_width":600,"thumbnail_height":400,"description":"Luceaf\u0103rului poeziei rom\u00e2ne\u0219ti, Mihai Eminescu a fost comemorat la B\u0103l\u021bi. Func\u021bionarii locali, de r\u00e2nd cu iubitorii crea\u021biei eminesciene au depus flori la bustul poetului de pe Alea Clasicilor. https:\/\/www.youtube.com\/watch?v=0QFWh0SHVCY&#038;feature=youtu.be Viceprimarul de B\u0103l\u021bi, Lilia Sava spune c\u0103 fiecare etap\u0103 a vie\u021bii se reg\u0103se\u0219te \u00a0\u00een crea\u021bia lui Mihai Eminescu. Totodat\u0103 aceasta a ad\u0103ugat c\u0103 operele Marelui poet [&hellip;]"}