{"version":"1.0","provider_name":"BTV","provider_url":"https:\/\/www.btv.md\/ro\/","title":"Banca Mondial\u0103 va sprijini \u00eentreprinderile din Moldova  - BTV","type":"rich","width":600,"height":338,"html":"<blockquote class=\"wp-embedded-content\" data-secret=\"TkXou0JKcv\"><a href=\"https:\/\/www.btv.md\/ro\/banca-mondiala-va-sprijini-intreprinderile-din-moldova\/\">Banca Mondial\u0103 va sprijini \u00eentreprinderile din Moldova<\/a><\/blockquote><iframe sandbox=\"allow-scripts\" security=\"restricted\" src=\"https:\/\/www.btv.md\/ro\/banca-mondiala-va-sprijini-intreprinderile-din-moldova\/embed\/#?secret=TkXou0JKcv\" width=\"600\" height=\"338\" title=\"&#8222;Banca Mondial\u0103 va sprijini \u00eentreprinderile din Moldova&#8221; &#8211; BTV\" data-secret=\"TkXou0JKcv\" frameborder=\"0\" marginwidth=\"0\" marginheight=\"0\" scrolling=\"no\" class=\"wp-embedded-content\"><\/iframe><script type=\"text\/javascript\">\n\/* <![CDATA[ *\/\n\/*! This file is auto-generated *\/\n!function(d,l){\"use strict\";l.querySelector&&d.addEventListener&&\"undefined\"!=typeof URL&&(d.wp=d.wp||{},d.wp.receiveEmbedMessage||(d.wp.receiveEmbedMessage=function(e){var t=e.data;if((t||t.secret||t.message||t.value)&&!\/[^a-zA-Z0-9]\/.test(t.secret)){for(var s,r,n,a=l.querySelectorAll('iframe[data-secret=\"'+t.secret+'\"]'),o=l.querySelectorAll('blockquote[data-secret=\"'+t.secret+'\"]'),c=new RegExp(\"^https?:$\",\"i\"),i=0;i<o.length;i++)o[i].style.display=\"none\";for(i=0;i<a.length;i++)s=a[i],e.source===s.contentWindow&&(s.removeAttribute(\"style\"),\"height\"===t.message?(1e3<(r=parseInt(t.value,10))?r=1e3:~~r<200&&(r=200),s.height=r):\"link\"===t.message&&(r=new URL(s.getAttribute(\"src\")),n=new URL(t.value),c.test(n.protocol))&&n.host===r.host&&l.activeElement===s&&(d.top.location.href=t.value))}},d.addEventListener(\"message\",d.wp.receiveEmbedMessage,!1),l.addEventListener(\"DOMContentLoaded\",function(){for(var e,t,s=l.querySelectorAll(\"iframe.wp-embedded-content\"),r=0;r<s.length;r++)(t=(e=s[r]).getAttribute(\"data-secret\"))||(t=Math.random().toString(36).substring(2,12),e.src+=\"#?secret=\"+t,e.setAttribute(\"data-secret\",t)),e.contentWindow.postMessage({message:\"ready\",secret:t},\"*\")},!1)))}(window,document);\n\/\/# sourceURL=https:\/\/www.btv.md\/wp-includes\/js\/wp-embed.min.js\n\/* ]]> *\/\n<\/script>\n","thumbnail_url":"https:\/\/www.btv.md\/wp-content\/uploads\/2016\/02\/media_145399422418505000.jpg","thumbnail_width":620,"thumbnail_height":381,"description":"Secretarul general al Guvernului, Tudor Copaci, a avut o \u00eentrevedere cu Tarik Sahovic, specialist superior \u00een dezvoltarea sectorului privat din cadrul B\u0103ncii Mondiale, noteaz\u0103 NOI.md. Cei doi au discutat despre obiectivele principale \u0219i factorii de implementare a proiectului Ameliorarea competitivit\u0103\u0163ii II (PAC II) pentru anul 2015-2017. Proiectul \u00ee\u0219i propune s\u0103 sprijine \u00eentreprinderile autohtone din Republica [&hellip;]"}