{"version":"1.0","provider_name":"BTV","provider_url":"https:\/\/www.btv.md\/ro\/","title":"CENTRELE SOCIALE DIN B\u0102L\u021aI VOR FI COMASATE - BTV","type":"rich","width":600,"height":338,"html":"<blockquote class=\"wp-embedded-content\" data-secret=\"QdLcQNb8tH\"><a href=\"https:\/\/www.btv.md\/ro\/centrele-sociale-din-balti-vor-fi-comasate\/\">CENTRELE  SOCIALE  DIN  B\u0102L\u021aI  VOR  FI  COMASATE<\/a><\/blockquote><iframe sandbox=\"allow-scripts\" security=\"restricted\" src=\"https:\/\/www.btv.md\/ro\/centrele-sociale-din-balti-vor-fi-comasate\/embed\/#?secret=QdLcQNb8tH\" width=\"600\" height=\"338\" title=\"&#8222;CENTRELE  SOCIALE  DIN  B\u0102L\u021aI  VOR  FI  COMASATE&#8221; &#8211; BTV\" data-secret=\"QdLcQNb8tH\" frameborder=\"0\" marginwidth=\"0\" marginheight=\"0\" scrolling=\"no\" class=\"wp-embedded-content\"><\/iframe><script type=\"text\/javascript\">\n\/* <![CDATA[ *\/\n\/*! This file is auto-generated *\/\n!function(d,l){\"use strict\";l.querySelector&&d.addEventListener&&\"undefined\"!=typeof URL&&(d.wp=d.wp||{},d.wp.receiveEmbedMessage||(d.wp.receiveEmbedMessage=function(e){var t=e.data;if((t||t.secret||t.message||t.value)&&!\/[^a-zA-Z0-9]\/.test(t.secret)){for(var s,r,n,a=l.querySelectorAll('iframe[data-secret=\"'+t.secret+'\"]'),o=l.querySelectorAll('blockquote[data-secret=\"'+t.secret+'\"]'),c=new RegExp(\"^https?:$\",\"i\"),i=0;i<o.length;i++)o[i].style.display=\"none\";for(i=0;i<a.length;i++)s=a[i],e.source===s.contentWindow&&(s.removeAttribute(\"style\"),\"height\"===t.message?(1e3<(r=parseInt(t.value,10))?r=1e3:~~r<200&&(r=200),s.height=r):\"link\"===t.message&&(r=new URL(s.getAttribute(\"src\")),n=new URL(t.value),c.test(n.protocol))&&n.host===r.host&&l.activeElement===s&&(d.top.location.href=t.value))}},d.addEventListener(\"message\",d.wp.receiveEmbedMessage,!1),l.addEventListener(\"DOMContentLoaded\",function(){for(var e,t,s=l.querySelectorAll(\"iframe.wp-embedded-content\"),r=0;r<s.length;r++)(t=(e=s[r]).getAttribute(\"data-secret\"))||(t=Math.random().toString(36).substring(2,12),e.src+=\"#?secret=\"+t,e.setAttribute(\"data-secret\",t)),e.contentWindow.postMessage({message:\"ready\",secret:t},\"*\")},!1)))}(window,document);\n\/\/# sourceURL=https:\/\/www.btv.md\/wp-includes\/js\/wp-embed.min.js\n\/* ]]> *\/\n<\/script>\n","thumbnail_url":"https:\/\/www.btv.md\/wp-content\/uploads\/2016\/12\/5-3.jpg","thumbnail_width":850,"thumbnail_height":567,"description":"Centrele sociale din municipiul B\u0103l\u021bi trebuie s\u0103 fie comasate, iar personalul acestora optimizat. Acestea sunt doar c\u00e2teva din concluziile \u0219edin\u0163ei de vineri, 9 decembrie la care au participat autorit\u0103\u021bile publice locale \u0219i reprezentan\u021bii centrelor sociale. https:\/\/youtu.be\/Ih1s4qRYS1w Problema gestion\u0103rii centrelor a ajuns \u00een vizorul autotit\u0103\u021bilor \u00een urma unor pl\u00e2ngeri parvenite din partea mai multor beneficiari \u0219i [&hellip;]"}