{"version":"1.0","provider_name":"BTV","provider_url":"https:\/\/www.btv.md\/ro\/","title":"FESTIVALULUI DE MUZIC\u0102 CLASIC\u0102 \u201e GEORGE ENESCU\u201d, LA B\u0102L\u021aI - BTV","type":"rich","width":600,"height":338,"html":"<blockquote class=\"wp-embedded-content\" data-secret=\"wG85FGebkO\"><a href=\"https:\/\/www.btv.md\/ro\/festivalului-de-muzica-clasica-george-enescu-la-balti\/\">FESTIVALULUI  DE  MUZIC\u0102  CLASIC\u0102 \u201e GEORGE ENESCU\u201d, LA B\u0102L\u021aI<\/a><\/blockquote><iframe sandbox=\"allow-scripts\" security=\"restricted\" src=\"https:\/\/www.btv.md\/ro\/festivalului-de-muzica-clasica-george-enescu-la-balti\/embed\/#?secret=wG85FGebkO\" width=\"600\" height=\"338\" title=\"&#8222;FESTIVALULUI  DE  MUZIC\u0102  CLASIC\u0102 \u201e GEORGE ENESCU\u201d, LA B\u0102L\u021aI&#8221; &#8211; BTV\" data-secret=\"wG85FGebkO\" frameborder=\"0\" marginwidth=\"0\" marginheight=\"0\" scrolling=\"no\" class=\"wp-embedded-content\"><\/iframe><script type=\"text\/javascript\">\n\/* <![CDATA[ *\/\n\/*! This file is auto-generated *\/\n!function(d,l){\"use strict\";l.querySelector&&d.addEventListener&&\"undefined\"!=typeof URL&&(d.wp=d.wp||{},d.wp.receiveEmbedMessage||(d.wp.receiveEmbedMessage=function(e){var t=e.data;if((t||t.secret||t.message||t.value)&&!\/[^a-zA-Z0-9]\/.test(t.secret)){for(var s,r,n,a=l.querySelectorAll('iframe[data-secret=\"'+t.secret+'\"]'),o=l.querySelectorAll('blockquote[data-secret=\"'+t.secret+'\"]'),c=new RegExp(\"^https?:$\",\"i\"),i=0;i<o.length;i++)o[i].style.display=\"none\";for(i=0;i<a.length;i++)s=a[i],e.source===s.contentWindow&&(s.removeAttribute(\"style\"),\"height\"===t.message?(1e3<(r=parseInt(t.value,10))?r=1e3:~~r<200&&(r=200),s.height=r):\"link\"===t.message&&(r=new URL(s.getAttribute(\"src\")),n=new URL(t.value),c.test(n.protocol))&&n.host===r.host&&l.activeElement===s&&(d.top.location.href=t.value))}},d.addEventListener(\"message\",d.wp.receiveEmbedMessage,!1),l.addEventListener(\"DOMContentLoaded\",function(){for(var e,t,s=l.querySelectorAll(\"iframe.wp-embedded-content\"),r=0;r<s.length;r++)(t=(e=s[r]).getAttribute(\"data-secret\"))||(t=Math.random().toString(36).substring(2,12),e.src+=\"#?secret=\"+t,e.setAttribute(\"data-secret\",t)),e.contentWindow.postMessage({message:\"ready\",secret:t},\"*\")},!1)))}(window,document);\n\/\/# sourceURL=https:\/\/www.btv.md\/wp-includes\/js\/wp-embed.min.js\n\/* ]]> *\/\n<\/script>\n","thumbnail_url":"https:\/\/www.btv.md\/wp-content\/uploads\/2016\/05\/enecsu.png","thumbnail_width":1013,"thumbnail_height":519,"description":"Zeci de tineri din nordul \u021b\u0103rii \u0219i-au etalat m\u0103iestria \u00een domeniul muzicii clasice \u00een cadrul celei de-a treia edi\u021bie a Festivalului-Concurs Interna\u021bional &#8222;George Enescu&#8221;. Concurs care s-a desf\u0103\u0219urat, s\u00e2mb\u0103t\u0103, 21 mai, \u00een incinta Universit\u0103\u021bii de Stat &#8222;Alecu Russo&#8221; din municipiul B\u0103l\u021bi. Potrivit organizatorilor, evenimentul are drept obiectiv at\u00e2t valorificarea crea\u021biei marelui compozitor George Enescu c\u00e2t [&hellip;]"}