{"version":"1.0","provider_name":"BTV","provider_url":"https:\/\/www.btv.md\/ro\/","title":"FUNDA\u021aIA \"RENATO USAT\u00ceI\" \u00ceMPARTE DARURI DE PA\u0218TI - BTV","type":"rich","width":600,"height":338,"html":"<blockquote class=\"wp-embedded-content\" data-secret=\"dWyfov6zY5\"><a href=\"https:\/\/www.btv.md\/ro\/fundatia-renato-usatii-imparte-daruri-de-pasti\/\">FUNDA\u021aIA  &#8222;RENATO  USAT\u00ceI&#8221;  \u00ceMPARTE  DARURI  DE  PA\u0218TI<\/a><\/blockquote><iframe sandbox=\"allow-scripts\" security=\"restricted\" src=\"https:\/\/www.btv.md\/ro\/fundatia-renato-usatii-imparte-daruri-de-pasti\/embed\/#?secret=dWyfov6zY5\" width=\"600\" height=\"338\" title=\"&#8222;FUNDA\u021aIA  &#8222;RENATO  USAT\u00ceI&#8221;  \u00ceMPARTE  DARURI  DE  PA\u0218TI&#8221; &#8211; BTV\" data-secret=\"dWyfov6zY5\" frameborder=\"0\" marginwidth=\"0\" marginheight=\"0\" scrolling=\"no\" class=\"wp-embedded-content\"><\/iframe><script type=\"text\/javascript\">\n\/* <![CDATA[ *\/\n\/*! This file is auto-generated *\/\n!function(d,l){\"use strict\";l.querySelector&&d.addEventListener&&\"undefined\"!=typeof URL&&(d.wp=d.wp||{},d.wp.receiveEmbedMessage||(d.wp.receiveEmbedMessage=function(e){var t=e.data;if((t||t.secret||t.message||t.value)&&!\/[^a-zA-Z0-9]\/.test(t.secret)){for(var s,r,n,a=l.querySelectorAll('iframe[data-secret=\"'+t.secret+'\"]'),o=l.querySelectorAll('blockquote[data-secret=\"'+t.secret+'\"]'),c=new RegExp(\"^https?:$\",\"i\"),i=0;i<o.length;i++)o[i].style.display=\"none\";for(i=0;i<a.length;i++)s=a[i],e.source===s.contentWindow&&(s.removeAttribute(\"style\"),\"height\"===t.message?(1e3<(r=parseInt(t.value,10))?r=1e3:~~r<200&&(r=200),s.height=r):\"link\"===t.message&&(r=new URL(s.getAttribute(\"src\")),n=new URL(t.value),c.test(n.protocol))&&n.host===r.host&&l.activeElement===s&&(d.top.location.href=t.value))}},d.addEventListener(\"message\",d.wp.receiveEmbedMessage,!1),l.addEventListener(\"DOMContentLoaded\",function(){for(var e,t,s=l.querySelectorAll(\"iframe.wp-embedded-content\"),r=0;r<s.length;r++)(t=(e=s[r]).getAttribute(\"data-secret\"))||(t=Math.random().toString(36).substring(2,12),e.src+=\"#?secret=\"+t,e.setAttribute(\"data-secret\",t)),e.contentWindow.postMessage({message:\"ready\",secret:t},\"*\")},!1)))}(window,document);\n\/\/# sourceURL=https:\/\/www.btv.md\/wp-includes\/js\/wp-embed.min.js\n\/* ]]> *\/\n<\/script>\n","thumbnail_url":"https:\/\/www.btv.md\/wp-content\/uploads\/2016\/04\/usatii.png","thumbnail_width":1017,"thumbnail_height":587,"description":"\u00cen ajunul S\u0103rb\u0103torilor Pascale, funda\u021bia \u201cRenato Usat\u00eei\u201d a lansat din nou campania \u201cCaravana de Pa\u0219ti\u201d, ce vizeaz\u0103 aproape \u0219ase mii de locuitori din \u00eentreaga republic\u0103. Este vorba despre veterani, copii orfani, persoane cu nevoi speciale, b\u0103tr\u00e2ni, dar \u0219i oameni afla\u021bi \u00een dificultate. Ace\u0219tia au primit dulciuri \u0219i tradi\u021bionalul cozonac. Potrivit pre\u0219edintelui funda\u021biei \u201cRenato Usat\u00eei\u201d, Elena [&hellip;]"}