{"version":"1.0","provider_name":"BTV","provider_url":"https:\/\/www.btv.md\/ro\/","title":"GRIPA ATAC\u0102 \u00ceN FOR\u021a\u0102 TOT TERITORIUL \u021a\u0102RII - BTV","type":"rich","width":600,"height":338,"html":"<blockquote class=\"wp-embedded-content\" data-secret=\"DjdXleiRuC\"><a href=\"https:\/\/www.btv.md\/ro\/gripa-ataca-in-forta-tot-teritoriul-tarii\/\">GRIPA  ATAC\u0102  \u00ceN  FOR\u021a\u0102  TOT  TERITORIUL \u021a\u0102RII<\/a><\/blockquote><iframe sandbox=\"allow-scripts\" security=\"restricted\" src=\"https:\/\/www.btv.md\/ro\/gripa-ataca-in-forta-tot-teritoriul-tarii\/embed\/#?secret=DjdXleiRuC\" width=\"600\" height=\"338\" title=\"&#8222;GRIPA  ATAC\u0102  \u00ceN  FOR\u021a\u0102  TOT  TERITORIUL \u021a\u0102RII&#8221; &#8211; BTV\" data-secret=\"DjdXleiRuC\" frameborder=\"0\" marginwidth=\"0\" marginheight=\"0\" scrolling=\"no\" class=\"wp-embedded-content\"><\/iframe><script type=\"text\/javascript\">\n\/* <![CDATA[ *\/\n\/*! This file is auto-generated *\/\n!function(d,l){\"use strict\";l.querySelector&&d.addEventListener&&\"undefined\"!=typeof URL&&(d.wp=d.wp||{},d.wp.receiveEmbedMessage||(d.wp.receiveEmbedMessage=function(e){var t=e.data;if((t||t.secret||t.message||t.value)&&!\/[^a-zA-Z0-9]\/.test(t.secret)){for(var s,r,n,a=l.querySelectorAll('iframe[data-secret=\"'+t.secret+'\"]'),o=l.querySelectorAll('blockquote[data-secret=\"'+t.secret+'\"]'),c=new RegExp(\"^https?:$\",\"i\"),i=0;i<o.length;i++)o[i].style.display=\"none\";for(i=0;i<a.length;i++)s=a[i],e.source===s.contentWindow&&(s.removeAttribute(\"style\"),\"height\"===t.message?(1e3<(r=parseInt(t.value,10))?r=1e3:~~r<200&&(r=200),s.height=r):\"link\"===t.message&&(r=new URL(s.getAttribute(\"src\")),n=new URL(t.value),c.test(n.protocol))&&n.host===r.host&&l.activeElement===s&&(d.top.location.href=t.value))}},d.addEventListener(\"message\",d.wp.receiveEmbedMessage,!1),l.addEventListener(\"DOMContentLoaded\",function(){for(var e,t,s=l.querySelectorAll(\"iframe.wp-embedded-content\"),r=0;r<s.length;r++)(t=(e=s[r]).getAttribute(\"data-secret\"))||(t=Math.random().toString(36).substring(2,12),e.src+=\"#?secret=\"+t,e.setAttribute(\"data-secret\",t)),e.contentWindow.postMessage({message:\"ready\",secret:t},\"*\")},!1)))}(window,document);\n\/\/# sourceURL=https:\/\/www.btv.md\/wp-includes\/js\/wp-embed.min.js\n\/* ]]> *\/\n<\/script>\n","thumbnail_url":"https:\/\/www.btv.md\/wp-content\/uploads\/2016\/02\/646x404-3.jpg","thumbnail_width":646,"thumbnail_height":404,"description":"Pragul epidemic de grip\u0103 a fost dep\u0103\u015fit \u00een \u0163ar\u0103. Potrivit Ministerului S\u0103n\u0103t\u0103\u0163ii, num\u0103rul bolnavilor care sufer\u0103 de infec\u0163ii ale c\u0103ilor respiratorii este \u00eentr-o continu\u0103 cre\u0219tere. S\u0103pt\u0103m\u00e2na trecut\u0103 au fost \u00eenregistrate peste 350 de cazuri, dep\u0103\u0219ind astfel pragul epidemic de 300 de persoane la 100000 popula\u021bie. \u0218i \u00een ora\u0219ul B\u0103l\u021bi situa\u021bia nu este deloc \u00eembucur\u0103toare. Potrivit [&hellip;]"}