{"version":"1.0","provider_name":"BTV","provider_url":"https:\/\/www.btv.md\/ro\/","title":"MAR\u0218UL SOLIDARIT\u0102\u021aII PRESEI, LA CHI\u0218IN\u0102U - BTV","type":"rich","width":600,"height":338,"html":"<blockquote class=\"wp-embedded-content\" data-secret=\"A7P2Lyr2Um\"><a href=\"https:\/\/www.btv.md\/ro\/marsul-solidaritatii-presei-la-chisinau\/\">MAR\u0218UL  SOLIDARIT\u0102\u021aII  PRESEI, LA  CHI\u0218IN\u0102U<\/a><\/blockquote><iframe sandbox=\"allow-scripts\" security=\"restricted\" src=\"https:\/\/www.btv.md\/ro\/marsul-solidaritatii-presei-la-chisinau\/embed\/#?secret=A7P2Lyr2Um\" width=\"600\" height=\"338\" title=\"&#8222;MAR\u0218UL  SOLIDARIT\u0102\u021aII  PRESEI, LA  CHI\u0218IN\u0102U&#8221; &#8211; BTV\" data-secret=\"A7P2Lyr2Um\" frameborder=\"0\" marginwidth=\"0\" marginheight=\"0\" scrolling=\"no\" class=\"wp-embedded-content\"><\/iframe><script type=\"text\/javascript\">\n\/* <![CDATA[ *\/\n\/*! This file is auto-generated *\/\n!function(d,l){\"use strict\";l.querySelector&&d.addEventListener&&\"undefined\"!=typeof URL&&(d.wp=d.wp||{},d.wp.receiveEmbedMessage||(d.wp.receiveEmbedMessage=function(e){var t=e.data;if((t||t.secret||t.message||t.value)&&!\/[^a-zA-Z0-9]\/.test(t.secret)){for(var s,r,n,a=l.querySelectorAll('iframe[data-secret=\"'+t.secret+'\"]'),o=l.querySelectorAll('blockquote[data-secret=\"'+t.secret+'\"]'),c=new RegExp(\"^https?:$\",\"i\"),i=0;i<o.length;i++)o[i].style.display=\"none\";for(i=0;i<a.length;i++)s=a[i],e.source===s.contentWindow&&(s.removeAttribute(\"style\"),\"height\"===t.message?(1e3<(r=parseInt(t.value,10))?r=1e3:~~r<200&&(r=200),s.height=r):\"link\"===t.message&&(r=new URL(s.getAttribute(\"src\")),n=new URL(t.value),c.test(n.protocol))&&n.host===r.host&&l.activeElement===s&&(d.top.location.href=t.value))}},d.addEventListener(\"message\",d.wp.receiveEmbedMessage,!1),l.addEventListener(\"DOMContentLoaded\",function(){for(var e,t,s=l.querySelectorAll(\"iframe.wp-embedded-content\"),r=0;r<s.length;r++)(t=(e=s[r]).getAttribute(\"data-secret\"))||(t=Math.random().toString(36).substring(2,12),e.src+=\"#?secret=\"+t,e.setAttribute(\"data-secret\",t)),e.contentWindow.postMessage({message:\"ready\",secret:t},\"*\")},!1)))}(window,document);\n\/\/# sourceURL=https:\/\/www.btv.md\/wp-includes\/js\/wp-embed.min.js\n\/* ]]> *\/\n<\/script>\n","thumbnail_url":"https:\/\/www.btv.md\/wp-content\/uploads\/2016\/05\/skachannye-fajly-12.jpg","thumbnail_width":275,"thumbnail_height":183,"description":"Zeci de jurnali\u015fti \u015fi reprezentan\u0163i ai organiza\u0163iilor media au participat joi la Mar\u015ful Solidarit\u0103\u0163ii Presei. Ei \u015fi-au dat \u00eent\u00e2lnire la Casa Presei \u015fi s-au \u00eendreptat apoi spre Parlament, unde au cerut, \u00eentre altele, asigurarea libert\u0103\u0163ii presei, acces liber la informa\u0163ii \u015fi de-monopolizare \u00een lumea presei, noteaz\u0103 Europa Liber\u0103.md. Manifestarea a avut loc \u00een cadrul Zilelor [&hellip;]"}