{"version":"1.0","provider_name":"BTV","provider_url":"https:\/\/www.btv.md\/ro\/","title":"MINISTERUL ECONOMIEI  VA REDUCE NUM\u0102RUL AUTORIZA\u021aIILOR  \u0218I LICEN\u021aELOR  - BTV","type":"rich","width":600,"height":338,"html":"<blockquote class=\"wp-embedded-content\" data-secret=\"FaiaXnZlgb\"><a href=\"https:\/\/www.btv.md\/ro\/ministerul-economiei-va-reduce-numarul-autorizatiilor-si-licentelor\/\">MINISTERUL  ECONOMIEI   VA  REDUCE  NUM\u0102RUL  AUTORIZA\u021aIILOR   \u0218I  LICEN\u021aELOR<\/a><\/blockquote><iframe sandbox=\"allow-scripts\" security=\"restricted\" src=\"https:\/\/www.btv.md\/ro\/ministerul-economiei-va-reduce-numarul-autorizatiilor-si-licentelor\/embed\/#?secret=FaiaXnZlgb\" width=\"600\" height=\"338\" title=\"&#8222;MINISTERUL  ECONOMIEI   VA  REDUCE  NUM\u0102RUL  AUTORIZA\u021aIILOR   \u0218I  LICEN\u021aELOR&#8221; &#8211; BTV\" data-secret=\"FaiaXnZlgb\" frameborder=\"0\" marginwidth=\"0\" marginheight=\"0\" scrolling=\"no\" class=\"wp-embedded-content\"><\/iframe><script type=\"text\/javascript\">\n\/* <![CDATA[ *\/\n\/*! This file is auto-generated *\/\n!function(d,l){\"use strict\";l.querySelector&&d.addEventListener&&\"undefined\"!=typeof URL&&(d.wp=d.wp||{},d.wp.receiveEmbedMessage||(d.wp.receiveEmbedMessage=function(e){var t=e.data;if((t||t.secret||t.message||t.value)&&!\/[^a-zA-Z0-9]\/.test(t.secret)){for(var s,r,n,a=l.querySelectorAll('iframe[data-secret=\"'+t.secret+'\"]'),o=l.querySelectorAll('blockquote[data-secret=\"'+t.secret+'\"]'),c=new RegExp(\"^https?:$\",\"i\"),i=0;i<o.length;i++)o[i].style.display=\"none\";for(i=0;i<a.length;i++)s=a[i],e.source===s.contentWindow&&(s.removeAttribute(\"style\"),\"height\"===t.message?(1e3<(r=parseInt(t.value,10))?r=1e3:~~r<200&&(r=200),s.height=r):\"link\"===t.message&&(r=new URL(s.getAttribute(\"src\")),n=new URL(t.value),c.test(n.protocol))&&n.host===r.host&&l.activeElement===s&&(d.top.location.href=t.value))}},d.addEventListener(\"message\",d.wp.receiveEmbedMessage,!1),l.addEventListener(\"DOMContentLoaded\",function(){for(var e,t,s=l.querySelectorAll(\"iframe.wp-embedded-content\"),r=0;r<s.length;r++)(t=(e=s[r]).getAttribute(\"data-secret\"))||(t=Math.random().toString(36).substring(2,12),e.src+=\"#?secret=\"+t,e.setAttribute(\"data-secret\",t)),e.contentWindow.postMessage({message:\"ready\",secret:t},\"*\")},!1)))}(window,document);\n\/\/# sourceURL=https:\/\/www.btv.md\/wp-includes\/js\/wp-embed.min.js\n\/* ]]> *\/\n<\/script>\n","thumbnail_url":"https:\/\/www.btv.md\/wp-content\/uploads\/2016\/03\/f9ccefad37413bc685bf8bff1f6649a7.jpg","thumbnail_width":630,"thumbnail_height":420,"description":"Ministerul Economiei al Republicii Moldova prevede s\u0103 reduc\u0103 \u00een viitorul apropiat cu 25 la sut\u0103 num\u0103rul total de autoriza\u0163ii \u015fi licen\u0163e. Acest fapt a fost men\u021bionat de c\u0103tre vicepremierul, ministrul Economiei, Octavian Calm\u00eec, \u00een cadrul unei \u00eentrevederi informale cu reprezentan\u0163i ai peste 20 de companii str\u0103ine ce activeaz\u0103 \u00een Moldova, precum \u015fi membrii Asocia\u0163iei Businessului [&hellip;]"}