{"version":"1.0","provider_name":"BTV","provider_url":"https:\/\/www.btv.md\/ro\/","title":"NOU\u0102 MOLDOVENII DEPORTA\u021aI DIN RUSIA \u0218I EUROPA - BTV","type":"rich","width":600,"height":338,"html":"<blockquote class=\"wp-embedded-content\" data-secret=\"EtFyj1sg6o\"><a href=\"https:\/\/www.btv.md\/ro\/noua-moldovenii-deportati-din-rusia-si-europa\/\">NOU\u0102  MOLDOVENII DEPORTA\u021aI  DIN  RUSIA  \u0218I  EUROPA<\/a><\/blockquote><iframe sandbox=\"allow-scripts\" security=\"restricted\" src=\"https:\/\/www.btv.md\/ro\/noua-moldovenii-deportati-din-rusia-si-europa\/embed\/#?secret=EtFyj1sg6o\" width=\"600\" height=\"338\" title=\"&#8222;NOU\u0102  MOLDOVENII DEPORTA\u021aI  DIN  RUSIA  \u0218I  EUROPA&#8221; &#8211; BTV\" data-secret=\"EtFyj1sg6o\" frameborder=\"0\" marginwidth=\"0\" marginheight=\"0\" scrolling=\"no\" class=\"wp-embedded-content\"><\/iframe><script type=\"text\/javascript\">\n\/* <![CDATA[ *\/\n\/*! This file is auto-generated *\/\n!function(d,l){\"use strict\";l.querySelector&&d.addEventListener&&\"undefined\"!=typeof URL&&(d.wp=d.wp||{},d.wp.receiveEmbedMessage||(d.wp.receiveEmbedMessage=function(e){var t=e.data;if((t||t.secret||t.message||t.value)&&!\/[^a-zA-Z0-9]\/.test(t.secret)){for(var s,r,n,a=l.querySelectorAll('iframe[data-secret=\"'+t.secret+'\"]'),o=l.querySelectorAll('blockquote[data-secret=\"'+t.secret+'\"]'),c=new RegExp(\"^https?:$\",\"i\"),i=0;i<o.length;i++)o[i].style.display=\"none\";for(i=0;i<a.length;i++)s=a[i],e.source===s.contentWindow&&(s.removeAttribute(\"style\"),\"height\"===t.message?(1e3<(r=parseInt(t.value,10))?r=1e3:~~r<200&&(r=200),s.height=r):\"link\"===t.message&&(r=new URL(s.getAttribute(\"src\")),n=new URL(t.value),c.test(n.protocol))&&n.host===r.host&&l.activeElement===s&&(d.top.location.href=t.value))}},d.addEventListener(\"message\",d.wp.receiveEmbedMessage,!1),l.addEventListener(\"DOMContentLoaded\",function(){for(var e,t,s=l.querySelectorAll(\"iframe.wp-embedded-content\"),r=0;r<s.length;r++)(t=(e=s[r]).getAttribute(\"data-secret\"))||(t=Math.random().toString(36).substring(2,12),e.src+=\"#?secret=\"+t,e.setAttribute(\"data-secret\",t)),e.contentWindow.postMessage({message:\"ready\",secret:t},\"*\")},!1)))}(window,document);\n\/\/# sourceURL=https:\/\/www.btv.md\/wp-includes\/js\/wp-embed.min.js\n\/* ]]> *\/\n<\/script>\n","thumbnail_url":"https:\/\/www.btv.md\/wp-content\/uploads\/2016\/03\/466x10000_out__.jpg","thumbnail_width":466,"thumbnail_height":307,"description":"\u00cen ultimele 24 de ore, \u0219apte cet\u0103\u021beni ai Republicii Moldova au fost deporta\u021bi din Rusia. Totodat\u0103, \u00een aceea\u0219i perioad\u0103, au fost expulza\u021bi din Uniunea European\u0103 doi cona\u021bionali de-ai no\u0219tri, relateaz\u0103 noi.md. Pe 8 martie, al\u021bi doi cet\u0103\u021beni moldoveni au \u00eencercat s\u0103 \u00eencalce frontiera de stat. Poli\u021bi\u0219tii de frontier\u0103 au contracarat aceste tentative. A fost depistat, [&hellip;]"}