{"version":"1.0","provider_name":"BTV","provider_url":"https:\/\/www.btv.md\/ro\/","title":"PLATFORMA DA \u00ceNDEAMN\u0102 B\u0102L\u021aENII S\u0102 IAS\u0102 LA PROTESTE  - BTV","type":"rich","width":600,"height":338,"html":"<blockquote class=\"wp-embedded-content\" data-secret=\"FaKiHAR7G9\"><a href=\"https:\/\/www.btv.md\/ro\/platforma-da-indeamna-baltenii-sa-iasa-la-proteste\/\">PLATFORMA  DA  \u00ceNDEAMN\u0102  B\u0102L\u021aENII  S\u0102  IAS\u0102  LA  PROTESTE<\/a><\/blockquote><iframe sandbox=\"allow-scripts\" security=\"restricted\" src=\"https:\/\/www.btv.md\/ro\/platforma-da-indeamna-baltenii-sa-iasa-la-proteste\/embed\/#?secret=FaKiHAR7G9\" width=\"600\" height=\"338\" title=\"&#8222;PLATFORMA  DA  \u00ceNDEAMN\u0102  B\u0102L\u021aENII  S\u0102  IAS\u0102  LA  PROTESTE&#8221; &#8211; BTV\" data-secret=\"FaKiHAR7G9\" frameborder=\"0\" marginwidth=\"0\" marginheight=\"0\" scrolling=\"no\" class=\"wp-embedded-content\"><\/iframe><script type=\"text\/javascript\">\n\/* <![CDATA[ *\/\n\/*! This file is auto-generated *\/\n!function(d,l){\"use strict\";l.querySelector&&d.addEventListener&&\"undefined\"!=typeof URL&&(d.wp=d.wp||{},d.wp.receiveEmbedMessage||(d.wp.receiveEmbedMessage=function(e){var t=e.data;if((t||t.secret||t.message||t.value)&&!\/[^a-zA-Z0-9]\/.test(t.secret)){for(var s,r,n,a=l.querySelectorAll('iframe[data-secret=\"'+t.secret+'\"]'),o=l.querySelectorAll('blockquote[data-secret=\"'+t.secret+'\"]'),c=new RegExp(\"^https?:$\",\"i\"),i=0;i<o.length;i++)o[i].style.display=\"none\";for(i=0;i<a.length;i++)s=a[i],e.source===s.contentWindow&&(s.removeAttribute(\"style\"),\"height\"===t.message?(1e3<(r=parseInt(t.value,10))?r=1e3:~~r<200&&(r=200),s.height=r):\"link\"===t.message&&(r=new URL(s.getAttribute(\"src\")),n=new URL(t.value),c.test(n.protocol))&&n.host===r.host&&l.activeElement===s&&(d.top.location.href=t.value))}},d.addEventListener(\"message\",d.wp.receiveEmbedMessage,!1),l.addEventListener(\"DOMContentLoaded\",function(){for(var e,t,s=l.querySelectorAll(\"iframe.wp-embedded-content\"),r=0;r<s.length;r++)(t=(e=s[r]).getAttribute(\"data-secret\"))||(t=Math.random().toString(36).substring(2,12),e.src+=\"#?secret=\"+t,e.setAttribute(\"data-secret\",t)),e.contentWindow.postMessage({message:\"ready\",secret:t},\"*\")},!1)))}(window,document);\n\/\/# sourceURL=https:\/\/www.btv.md\/wp-includes\/js\/wp-embed.min.js\n\/* ]]> *\/\n<\/script>\n","thumbnail_url":"https:\/\/www.btv.md\/wp-content\/uploads\/2016\/04\/platforma.png","thumbnail_width":966,"thumbnail_height":580,"description":"Zeci de b\u0103l\u021benii au participat la ac\u021biunea de protest organizat\u0103 de membrii platformei civice Demnitate \u0219i Adev\u0103r. Ace\u0219tia s-au ar\u0103tat nemul\u021bumi\u021bi fa\u021b\u0103 de decizia Comisiei Electorale Centrale de a respinge ini\u021biativa de modificare a Constitu\u021biei prin referendum, \u00een favoarea c\u0103reia s-au colectat peste 400 mii de semn\u0103turi. Protestatarii dar \u0219i membrii Platformei Da au mar\u0219\u0103luit [&hellip;]"}