{"version":"1.0","provider_name":"BTV","provider_url":"https:\/\/www.btv.md\/ro\/","title":"RESTRIC\u021aII DE CIRCULA\u021aIE  PE  TRASEELE NA\u021aIONALE - BTV","type":"rich","width":600,"height":338,"html":"<blockquote class=\"wp-embedded-content\" data-secret=\"eEyrhFTqTy\"><a href=\"https:\/\/www.btv.md\/ro\/restrictii-de-circulatie-pe-traseele-nationale\/\">RESTRIC\u021aII  DE  CIRCULA\u021aIE   PE   TRASEELE  NA\u021aIONALE<\/a><\/blockquote><iframe sandbox=\"allow-scripts\" security=\"restricted\" src=\"https:\/\/www.btv.md\/ro\/restrictii-de-circulatie-pe-traseele-nationale\/embed\/#?secret=eEyrhFTqTy\" width=\"600\" height=\"338\" title=\"&#8222;RESTRIC\u021aII  DE  CIRCULA\u021aIE   PE   TRASEELE  NA\u021aIONALE&#8221; &#8211; BTV\" data-secret=\"eEyrhFTqTy\" frameborder=\"0\" marginwidth=\"0\" marginheight=\"0\" scrolling=\"no\" class=\"wp-embedded-content\"><\/iframe><script type=\"text\/javascript\">\n\/* <![CDATA[ *\/\n\/*! This file is auto-generated *\/\n!function(d,l){\"use strict\";l.querySelector&&d.addEventListener&&\"undefined\"!=typeof URL&&(d.wp=d.wp||{},d.wp.receiveEmbedMessage||(d.wp.receiveEmbedMessage=function(e){var t=e.data;if((t||t.secret||t.message||t.value)&&!\/[^a-zA-Z0-9]\/.test(t.secret)){for(var s,r,n,a=l.querySelectorAll('iframe[data-secret=\"'+t.secret+'\"]'),o=l.querySelectorAll('blockquote[data-secret=\"'+t.secret+'\"]'),c=new RegExp(\"^https?:$\",\"i\"),i=0;i<o.length;i++)o[i].style.display=\"none\";for(i=0;i<a.length;i++)s=a[i],e.source===s.contentWindow&&(s.removeAttribute(\"style\"),\"height\"===t.message?(1e3<(r=parseInt(t.value,10))?r=1e3:~~r<200&&(r=200),s.height=r):\"link\"===t.message&&(r=new URL(s.getAttribute(\"src\")),n=new URL(t.value),c.test(n.protocol))&&n.host===r.host&&l.activeElement===s&&(d.top.location.href=t.value))}},d.addEventListener(\"message\",d.wp.receiveEmbedMessage,!1),l.addEventListener(\"DOMContentLoaded\",function(){for(var e,t,s=l.querySelectorAll(\"iframe.wp-embedded-content\"),r=0;r<s.length;r++)(t=(e=s[r]).getAttribute(\"data-secret\"))||(t=Math.random().toString(36).substring(2,12),e.src+=\"#?secret=\"+t,e.setAttribute(\"data-secret\",t)),e.contentWindow.postMessage({message:\"ready\",secret:t},\"*\")},!1)))}(window,document);\n\/\/# sourceURL=https:\/\/www.btv.md\/wp-includes\/js\/wp-embed.min.js\n\/* ]]> *\/\n<\/script>\n","thumbnail_url":"https:\/\/www.btv.md\/wp-content\/uploads\/2016\/06\/jy.jpg","thumbnail_width":600,"thumbnail_height":400,"description":"Circula\u021bia rutier\u0103 de pe traseul B\u0103l\u021bi-F\u0103le\u0219ti-Sculeni va fi restric\u021bionat\u0103 pe anumite segmente. Asta pentru c\u0103 din aceast\u0103 s\u0103pt\u0103m\u00e2n\u0103, drumul a intrat \u00een repara\u021bie. \u0218oferii vor fi nevoi\u021bi s\u0103 ocoleasc\u0103 unele segmente, unde vor fi instalate marcaje rutiere. \u00cen apropierea satului R\u0103u\u021bel, acolo unde au demarat lucr\u0103rile, au fost deja instalate dou\u0103 semafoare. https:\/\/youtu.be\/ySIhnksowG4 &nbsp; Ministrul [&hellip;]"}