{"version":"1.0","provider_name":"BTV","provider_url":"https:\/\/www.btv.md\/ro\/","title":"\u0218TEFAN CEL MARE, COMEMORAT LA B\u0102L\u021aI  - BTV","type":"rich","width":600,"height":338,"html":"<blockquote class=\"wp-embedded-content\" data-secret=\"P1TVI4pdMD\"><a href=\"https:\/\/www.btv.md\/ro\/stefan-cel-mare-comemorat-la-balti\/\">\u0218TEFAN  CEL  MARE, COMEMORAT  LA B\u0102L\u021aI<\/a><\/blockquote><iframe sandbox=\"allow-scripts\" security=\"restricted\" src=\"https:\/\/www.btv.md\/ro\/stefan-cel-mare-comemorat-la-balti\/embed\/#?secret=P1TVI4pdMD\" width=\"600\" height=\"338\" title=\"&#8222;\u0218TEFAN  CEL  MARE, COMEMORAT  LA B\u0102L\u021aI&#8221; &#8211; BTV\" data-secret=\"P1TVI4pdMD\" frameborder=\"0\" marginwidth=\"0\" marginheight=\"0\" scrolling=\"no\" class=\"wp-embedded-content\"><\/iframe><script type=\"text\/javascript\">\n\/* <![CDATA[ *\/\n\/*! This file is auto-generated *\/\n!function(d,l){\"use strict\";l.querySelector&&d.addEventListener&&\"undefined\"!=typeof URL&&(d.wp=d.wp||{},d.wp.receiveEmbedMessage||(d.wp.receiveEmbedMessage=function(e){var t=e.data;if((t||t.secret||t.message||t.value)&&!\/[^a-zA-Z0-9]\/.test(t.secret)){for(var s,r,n,a=l.querySelectorAll('iframe[data-secret=\"'+t.secret+'\"]'),o=l.querySelectorAll('blockquote[data-secret=\"'+t.secret+'\"]'),c=new RegExp(\"^https?:$\",\"i\"),i=0;i<o.length;i++)o[i].style.display=\"none\";for(i=0;i<a.length;i++)s=a[i],e.source===s.contentWindow&&(s.removeAttribute(\"style\"),\"height\"===t.message?(1e3<(r=parseInt(t.value,10))?r=1e3:~~r<200&&(r=200),s.height=r):\"link\"===t.message&&(r=new URL(s.getAttribute(\"src\")),n=new URL(t.value),c.test(n.protocol))&&n.host===r.host&&l.activeElement===s&&(d.top.location.href=t.value))}},d.addEventListener(\"message\",d.wp.receiveEmbedMessage,!1),l.addEventListener(\"DOMContentLoaded\",function(){for(var e,t,s=l.querySelectorAll(\"iframe.wp-embedded-content\"),r=0;r<s.length;r++)(t=(e=s[r]).getAttribute(\"data-secret\"))||(t=Math.random().toString(36).substring(2,12),e.src+=\"#?secret=\"+t,e.setAttribute(\"data-secret\",t)),e.contentWindow.postMessage({message:\"ready\",secret:t},\"*\")},!1)))}(window,document);\n\/\/# sourceURL=https:\/\/www.btv.md\/wp-includes\/js\/wp-embed.min.js\n\/* ]]> *\/\n<\/script>\n","thumbnail_url":"https:\/\/www.btv.md\/wp-content\/uploads\/2016\/07\/eddwe.jpg","thumbnail_width":600,"thumbnail_height":400,"description":"S\u00e2mb\u0103t\u0103 2 iunie s-au \u00eemplinit \u00a0512 ani de la trecerea \u00een nefiin\u021b\u0103 a marelui voievod al \u0162\u0103rii Moldovei, \u015etefan cel Mare \u015fi Sf\u00e2nt. \u00cen acest sens \u00een municipiul B\u0103l\u021bi au avut loc depuneri de flori la monumentul domnitorului, care se afl\u0103 \u00een centrul ora\u0219ului. La eveniment au participat reprezentan\u021bi ai administra\u021biei publice locale, militari, directori [&hellip;]"}