{"version":"1.0","provider_name":"BTV","provider_url":"https:\/\/www.btv.md\/ro\/","title":"VICEPRIMARUL CAPITALEI, RE\u021aINUT DE CNA - BTV","type":"rich","width":600,"height":338,"html":"<blockquote class=\"wp-embedded-content\" data-secret=\"Zx9ji2W6gL\"><a href=\"https:\/\/www.btv.md\/ro\/viceprimarul-capitalei-retinut-de-cna\/\">VICEPRIMARUL CAPITALEI, RE\u021aINUT  DE CNA<\/a><\/blockquote><iframe sandbox=\"allow-scripts\" security=\"restricted\" src=\"https:\/\/www.btv.md\/ro\/viceprimarul-capitalei-retinut-de-cna\/embed\/#?secret=Zx9ji2W6gL\" width=\"600\" height=\"338\" title=\"&#8222;VICEPRIMARUL CAPITALEI, RE\u021aINUT  DE CNA&#8221; &#8211; BTV\" data-secret=\"Zx9ji2W6gL\" frameborder=\"0\" marginwidth=\"0\" marginheight=\"0\" scrolling=\"no\" class=\"wp-embedded-content\"><\/iframe><script type=\"text\/javascript\">\n\/* <![CDATA[ *\/\n\/*! This file is auto-generated *\/\n!function(d,l){\"use strict\";l.querySelector&&d.addEventListener&&\"undefined\"!=typeof URL&&(d.wp=d.wp||{},d.wp.receiveEmbedMessage||(d.wp.receiveEmbedMessage=function(e){var t=e.data;if((t||t.secret||t.message||t.value)&&!\/[^a-zA-Z0-9]\/.test(t.secret)){for(var s,r,n,a=l.querySelectorAll('iframe[data-secret=\"'+t.secret+'\"]'),o=l.querySelectorAll('blockquote[data-secret=\"'+t.secret+'\"]'),c=new RegExp(\"^https?:$\",\"i\"),i=0;i<o.length;i++)o[i].style.display=\"none\";for(i=0;i<a.length;i++)s=a[i],e.source===s.contentWindow&&(s.removeAttribute(\"style\"),\"height\"===t.message?(1e3<(r=parseInt(t.value,10))?r=1e3:~~r<200&&(r=200),s.height=r):\"link\"===t.message&&(r=new URL(s.getAttribute(\"src\")),n=new URL(t.value),c.test(n.protocol))&&n.host===r.host&&l.activeElement===s&&(d.top.location.href=t.value))}},d.addEventListener(\"message\",d.wp.receiveEmbedMessage,!1),l.addEventListener(\"DOMContentLoaded\",function(){for(var e,t,s=l.querySelectorAll(\"iframe.wp-embedded-content\"),r=0;r<s.length;r++)(t=(e=s[r]).getAttribute(\"data-secret\"))||(t=Math.random().toString(36).substring(2,12),e.src+=\"#?secret=\"+t,e.setAttribute(\"data-secret\",t)),e.contentWindow.postMessage({message:\"ready\",secret:t},\"*\")},!1)))}(window,document);\n\/\/# sourceURL=https:\/\/www.btv.md\/wp-includes\/js\/wp-embed.min.js\n\/* ]]> *\/\n<\/script>\n","thumbnail_url":"https:\/\/www.btv.md\/wp-content\/uploads\/2016\/05\/perchezitii_cna-550x300.jpg","thumbnail_width":550,"thumbnail_height":300,"description":"Viceprimarul Vlad Cote\u021b \u0219i directorul adjunct al Direc\u021biei de arhitectur\u0103 \u0219i urbanism a prim\u0103riei capitalei, Radu Blaj, au fost re\u021binu\u021bi miercuri, 25 mai, pentru 72 de ore, de ofi\u021berii CNA, noteaz\u0103 radiochisinau.md. Func\u021bionarii sunt b\u0103nui\u021bi c\u0103 ar fi luat mit\u0103 pentru urgentarea perfect\u0103rii \u0219i eliber\u0103rii actelor pentru privatizarea \u00eenc\u0103perilor nelocuibile, pentru schimbarea statutului unor terenuri [&hellip;]"}