{"version":"1.0","provider_name":"BTV","provider_url":"https:\/\/www.btv.md\/ro\/","title":"VIITORUL UNIUNII EUROPENE VA FI DISCUTAT \u00ceN SEPTEMBRIE - BTV","type":"rich","width":600,"height":338,"html":"<blockquote class=\"wp-embedded-content\" data-secret=\"4BZz35t7Oo\"><a href=\"https:\/\/www.btv.md\/ro\/viitorul-uniunii-europene-va-fi-discutat-in-septembrie\/\">VIITORUL  UNIUNII  EUROPENE  VA  FI  DISCUTAT  \u00ceN  SEPTEMBRIE<\/a><\/blockquote><iframe sandbox=\"allow-scripts\" security=\"restricted\" src=\"https:\/\/www.btv.md\/ro\/viitorul-uniunii-europene-va-fi-discutat-in-septembrie\/embed\/#?secret=4BZz35t7Oo\" width=\"600\" height=\"338\" title=\"&#8222;VIITORUL  UNIUNII  EUROPENE  VA  FI  DISCUTAT  \u00ceN  SEPTEMBRIE&#8221; &#8211; BTV\" data-secret=\"4BZz35t7Oo\" frameborder=\"0\" marginwidth=\"0\" marginheight=\"0\" scrolling=\"no\" class=\"wp-embedded-content\"><\/iframe><script type=\"text\/javascript\">\n\/* <![CDATA[ *\/\n\/*! This file is auto-generated *\/\n!function(d,l){\"use strict\";l.querySelector&&d.addEventListener&&\"undefined\"!=typeof URL&&(d.wp=d.wp||{},d.wp.receiveEmbedMessage||(d.wp.receiveEmbedMessage=function(e){var t=e.data;if((t||t.secret||t.message||t.value)&&!\/[^a-zA-Z0-9]\/.test(t.secret)){for(var s,r,n,a=l.querySelectorAll('iframe[data-secret=\"'+t.secret+'\"]'),o=l.querySelectorAll('blockquote[data-secret=\"'+t.secret+'\"]'),c=new RegExp(\"^https?:$\",\"i\"),i=0;i<o.length;i++)o[i].style.display=\"none\";for(i=0;i<a.length;i++)s=a[i],e.source===s.contentWindow&&(s.removeAttribute(\"style\"),\"height\"===t.message?(1e3<(r=parseInt(t.value,10))?r=1e3:~~r<200&&(r=200),s.height=r):\"link\"===t.message&&(r=new URL(s.getAttribute(\"src\")),n=new URL(t.value),c.test(n.protocol))&&n.host===r.host&&l.activeElement===s&&(d.top.location.href=t.value))}},d.addEventListener(\"message\",d.wp.receiveEmbedMessage,!1),l.addEventListener(\"DOMContentLoaded\",function(){for(var e,t,s=l.querySelectorAll(\"iframe.wp-embedded-content\"),r=0;r<s.length;r++)(t=(e=s[r]).getAttribute(\"data-secret\"))||(t=Math.random().toString(36).substring(2,12),e.src+=\"#?secret=\"+t,e.setAttribute(\"data-secret\",t)),e.contentWindow.postMessage({message:\"ready\",secret:t},\"*\")},!1)))}(window,document);\n\/\/# sourceURL=https:\/\/www.btv.md\/wp-includes\/js\/wp-embed.min.js\n\/* ]]> *\/\n<\/script>\n","thumbnail_url":"https:\/\/www.btv.md\/wp-content\/uploads\/2016\/06\/67371658.jpg","thumbnail_width":1237,"thumbnail_height":693,"description":"Pre\u015fedintele Consiliului European, Donald Tusk, va preg\u0103ti organizarea unui summit al reprezentan\u0163ilor celor 27 de state europene, \u00een septembrie, pe tema viitorului Uniunii Europene, informeaz\u0103 cotidianul La Repubblica. Summitul extraordinar se va desf\u0103\u015fura \u00een luna septembrie, la nivel informal, la Bratislava (Slovacia). Marea Britanie, ai c\u0103rei cet\u0103\u0163eni au decis ie\u015firea din UE, nu va fi [&hellip;]"}